{"id":289,"date":"2020-06-25T12:25:37","date_gmt":"2020-06-25T10:25:37","guid":{"rendered":"http:\/\/auditori.lyrainnovation.com\/?page_id=289"},"modified":"2020-10-16T11:57:15","modified_gmt":"2020-10-16T09:57:15","slug":"condicions-del-servei","status":"publish","type":"page","link":"https:\/\/adistancia.temporada-alta.com\/condicions-del-servei\/","title":{"rendered":"Condicions del servei"},"content":{"rendered":"\n<p><strong>TERMES I CONDICIONS D\u2019\u00daS DELS SERVEIS DE L\u2019AUDITORI DIGITAL<\/strong><\/p>\n\n\n\n<p><strong>1. Objecte<\/strong><\/p>\n\n\n\n<p>1. Els termes i condicions d&#8217;\u00fas seg\u00fcents fan refer\u00e8ncia als serveis &#8220;L\u2019Auditori digital&#8221; que ofereix el Consorci de L\u2019Auditori i l&#8217;Orquestra per mitj\u00e0 de www.auditoridigital.cat. La contractaci\u00f3 dels serveis comporta l&#8217;acceptaci\u00f3 d&#8217;aquests termes i condicions.<\/p>\n\n\n\n<p>2. El prestador dels serveis \u00e9s el Consorci de L\u2019Auditori i l&#8217;Orquestra, amb NIF Q-5856358-F, domicili al Carrer de Lepant, 150, Barcelona (CP 08013), d&#8217;ara endavant &#8220;L\u2019Auditori&#8221;.<\/p>\n\n\n\n<p>3. Les versions en catal\u00e0, castell\u00e0 i angl\u00e8s dels presents termes i condicions d&#8217;\u00fas s\u00f3n les \u00faniques v\u00e0lides. Poden descarregar-se des d&#8217;aquest <a href=\"https:\/\/auditoridigital.cat\/condicions-del-servei\" target=\"_blank\" rel=\"noreferrer noopener\">enlla\u00e7<\/a>. <\/p>\n\n\n\n<p><strong>2. Serveis<\/strong><\/p>\n\n\n\n<p>1. L\u2019Auditori digital facilita l&#8217;acc\u00e9s per mitj\u00e0 d&#8217;Internet a enregistraments de concerts, en dues modalitats: subscripci\u00f3 i no subscripci\u00f3. En cadascuna de les modalitats es facilita l&#8217;acc\u00e9s a transmissions en directe, enregistraments de concerts i materials multim\u00e8dia que figuren en els arxius de L\u2019Auditori.<\/p>\n\n\n\n<p>2. L&#8217;usuari pot triar entre una gamma de diferents nivells de qualitat de transmissi\u00f3 en funci\u00f3 de la qualitat de connexi\u00f3 a Internet de qu\u00e8 disposi.<\/p>\n\n\n\n<p>3. L&#8217;usuari no tindr\u00e0 dret a reclamar la posada a disposici\u00f3 o l&#8217;acc\u00e9s a retransmissions que no ofereixi, per iniciativa pr\u00f2pia, L\u2019Auditori.<\/p>\n\n\n\n<p>4. L\u2019Auditori es reserva el dret d&#8217;eliminar determinats continguts de l&#8217;oferta de serveis per raons t\u00e8cniques o legals.<\/p>\n\n\n\n<p><strong>3. Registre<\/strong><\/p>\n\n\n\n<p>1. L&#8217;usuari podr\u00e0 utilitzar els serveis una vegada registrat. S\u2019hi pot registrar qualsevol persona major d&#8217;edat que no estigui incapacitada legalment. El registre es realitza per mitj\u00e0 del formulari que hi ha a www.auditoridigital.cat.<\/p>\n\n\n\n<p>2. Per registrar-s\u2019hi, l&#8217;usuari ha d&#8217;aportar les dades imprescindibles que s&#8217;indiquen en el formulari. En el cas que l&#8217;usuari figur\u00e9s en els fitxers de L\u2019Auditori com a usuari d&#8217;un altre servei, podr\u00e0 autoritzar el registre mitjan\u00e7ant les dades que constin a L\u2019Auditori.<\/p>\n\n\n\n<p>3. L&#8217;usuari assumeix la responsabilitat sobre la veracitat de les dades de registre i l&#8217;obligaci\u00f3 d&#8217;informar immediatament L\u2019Auditori de qualsevol modificaci\u00f3 que pateixin.<\/p>\n\n\n\n<p><strong>4. Modalitats<\/strong><\/p>\n\n\n\n<p>1. Servei de subscripci\u00f3. Amb el pagament d&#8217;una quota mensual, l&#8217;usuari obt\u00e9 el dret a visualitzar tots els continguts de la plataforma. El pagament de la subscripci\u00f3 s&#8217;efectua mitjan\u00e7ant targeta de cr\u00e8dit, per avan\u00e7at. Pot cancel\u00b7lar la subscripci\u00f3 en qualsevol moment, accedint a la seva \u00e0rea personal i clicant el bot\u00f3 \u201cCancel\u00b7lar subscripci\u00f3\u201d. amb una antelaci\u00f3 m\u00ednima de 10 dies pr\u00e8viament a l&#8217;inici d&#8217;un nou per\u00edode mensual.<\/p>\n\n\n\n<p>2. Servei de compra d&#8217;acc\u00e9s a concert. L&#8217;usuari obt\u00e9 el dret a visualitzar el concert que ha comprat. El pagament s&#8217;efectua amb targeta de cr\u00e8dit per avan\u00e7at.<\/p>\n\n\n\n<p><strong>5. Contractaci\u00f3<\/strong><\/p>\n\n\n\n<p>En contractar un servei, l&#8217;usuari rebr\u00e0 un correu electr\u00f2nic en qu\u00e8 es confirmar\u00e0 la recepci\u00f3 de la comanda. Aquesta confirmaci\u00f3 de recepci\u00f3 constitueix l&#8217;acceptaci\u00f3 de l&#8217;oferta contractual i conclou la compra de l&#8217;entrada o subscripci\u00f3.<\/p>\n\n\n\n<p><strong>6. \u00das<\/strong><\/p>\n\n\n\n<p>L&#8217;usuari obt\u00e9 el dret d\u2019accedir als serveis per al seu \u00fas personal i en l&#8217;\u00e0mbit familiar o dom\u00e8stic. No s&#8217;autoritza la posada a disposici\u00f3 d&#8217;altres persones per mitj\u00e0 de cap modalitat o canal.<\/p>\n\n\n\n<p><strong>7. Cancel\u00b7laci\u00f3 i dret de desistiment<\/strong><\/p>\n\n\n\n<p>1. Les persones abonades al servei de subscripci\u00f3 podran cancel\u00b7lar-lo en qualsevol moment mitjan\u00e7ant el procediment indicat en l&#8217;apartat 4.1 dels presents termes i condicions.<\/p>\n\n\n\n<p>2. En la contractaci\u00f3 de qualsevol de les dues modalitats, l&#8217;usuari pot exercir el dret de desistiment durant els 14 dies naturals posteriors a la contractaci\u00f3, sempre que no hagi comen\u00e7at a obtenir els serveis contractats. Podr\u00e0 exercir el desistiment accedint a la seva \u00e0rea personal i clicant el bot\u00f3 \u201cCancel\u00b7lar subscripci\u00f3\u201d.<\/p>\n\n\n\n<p><strong>8. Preus<\/strong><\/p>\n\n\n\n<p>El preu de la subscripci\u00f3 mensual a tots els continguts del canal \u00e9s de 7,90 \u20ac\/mes, impostos inclosos.<\/p>\n\n\n\n<p>El preu del concert individual per visualitzar-lo durant 48 hores \u00e9s de 3,90 \u20ac, impostos inclosos.<\/p>\n\n\n\n<p><strong>9. Pagament<\/strong><\/p>\n\n\n\n<p>1. L\u2019import de la compra es pagar\u00e0 per avan\u00e7at immediatament despr\u00e9s d\u2019efectuar la comanda.<\/p>\n\n\n\n<p>2. L\u2019import s&#8217;abonar\u00e0 amb targeta de cr\u00e8dit. En el cas de la subscripci\u00f3, el pagament es carrega mensualment.<\/p>\n\n\n\n<p>3. En cas que l&#8217;usuari no compl\u00eds la seva obligaci\u00f3 de pagament, L\u2019Auditori podr\u00e0 bloquejar temporalment l&#8217;acc\u00e9s de l&#8217;usuari als serveis, sense perjudici de declarar la baixa definitiva de l&#8217;usuari de conformitat amb la cl\u00e0usula 12.<\/p>\n\n\n\n<p><strong>10. Acc\u00e9s a la informaci\u00f3 de l\u2019usuari<\/strong><\/p>\n\n\n\n<p>1. L&#8217;usuari podr\u00e0 accedir a les seves dades de registre. Correspon a l&#8217;usuari preservar la confidencialitat dels identificadors que li permeten l&#8217;acc\u00e9s als serveis. En queda prohibida la comunicaci\u00f3 a terceres persones.<\/p>\n\n\n\n<p>2. En cas de comunicaci\u00f3 dels seus identificadors a un tercer, l&#8217;usuari seria responsable dels danys i perjudicis causats per aquest \u00fas indegut del seu compte.<\/p>\n\n\n\n<p>3. L&#8217;usuari haur\u00e0 de notificar a L\u2019Auditori qualsevol incident que hagi perm\u00e8s el coneixement dels seus identificadors per part de terceres persones.<\/p>\n\n\n\n<p><strong>11. Garantia<\/strong><\/p>\n\n\n\n<p>1. L\u2019Auditori no garanteix el funcionament correcte de la connexi\u00f3 a Internet ni el rendiment del dispositiu final utilitzat.<\/p>\n\n\n\n<p>2. L\u2019Auditori solucionar\u00e0 qualsevol avaria t\u00e8cnica amb la m\u00e0xima dilig\u00e8ncia possible. En el cas que l&#8217;avaria sigui imputable a L\u2019Auditori i impedeixi l&#8217;acc\u00e9s de l&#8217;usuari als serveis, L\u2019Auditori compensar\u00e0 l&#8217;usuari amb una reducci\u00f3 proporcional en les quotes del servei de subscripci\u00f3 o amb la devoluci\u00f3 de l&#8217;import en el cas de la compra d&#8217;un concert si l&#8217;usuari no hagu\u00e9s pogut accedir-hi.<\/p>\n\n\n\n<p><strong>12. Baixa d\u2019usuari<\/strong><\/p>\n\n\n\n<p>1. L&#8217;usuari podr\u00e0 rescindir la seva relaci\u00f3 amb L\u2019Auditori en qualsevol moment. La rescissi\u00f3 no comportar\u00e0 la devoluci\u00f3 de les quantitats abonades, ni la cancel\u00b7laci\u00f3 dels deutes si fos el cas. La baixa tindr\u00e0 efectes immediats. En la modalitat de subscripci\u00f3, l\u2019obtindr\u00e0 en v\u00e8ncer el per\u00edode corresponent.<\/p>\n\n\n\n<p>2. L\u2019Auditori podr\u00e0 donar de baixa un usuari i suspendre\u2019n la prestaci\u00f3 dels serveis en qualsevol moment en el cas que es constat\u00e9s un \u00fas indegut, il\u00b7l\u00edcit o contrari als presents termes i condicions per part de l&#8217;usuari. La suspensi\u00f3 i baixa no obligar\u00e0 L\u2019Auditori a retornar les quantitats abonades per l&#8217;usuari.<\/p>\n\n\n\n<p>3. La comunicaci\u00f3 de la baixa per una de les circumst\u00e0ncies indicades en el punt anterior s&#8217;efectuar\u00e0 mitjan\u00e7ant correu electr\u00f2nic.<\/p>\n\n\n\n<p><strong>15. Protecci\u00f3 de dades<\/strong><\/p>\n\n\n\n<p>Les dades personals dels usuaris seran tractades pel Consorci de L\u2019Auditori i l&#8217;Orquestra, en qualitat de responsable del tractament, amb les finalitats de portar un registre de persones registrades a L\u2019Auditori Digital, gesti\u00f3 de venda d&#8217;entrades a la plataforma, prestaci\u00f3 de serveis, cobrament i enviament d&#8217;informaci\u00f3. Les dades seran tractades en compliment de la relaci\u00f3 contractual per a la prestaci\u00f3 de serveis. No es comunicaran a altres persones. Es poden exercir els drets d&#8217;acc\u00e9s, rectificaci\u00f3, supressi\u00f3, oposici\u00f3 al tractament o sol\u00b7licitud de la limitaci\u00f3 del tractament dirigint-se a L\u2019Auditori. M\u00e9s informaci\u00f3 sobre protecci\u00f3 de dades a la <a rel=\"noreferrer noopener\" href=\"https:\/\/auditoridigital.cat\/proteccio-de-dades.\" target=\"_blank\">pol\u00edtica de protecci\u00f3 de dades <\/a>.<\/p>\n\n\n\n<p><strong>16. Drets d\u2019autor<\/strong><\/p>\n\n\n\n<p>Els textos, imatges, gr\u00e0fics i\/o v\u00eddeos inclosos o posats a disposici\u00f3 a trav\u00e9s de www.auditoridigital.cat, la seva presentaci\u00f3 gr\u00e0fica i la base de dades en la qual figuren els concerts estan protegits per drets d&#8217;autor. L&#8217;usuari del servei obt\u00e9 un dret d&#8217;\u00fas limitat al seu \u00e0mbit personal, familiar i dom\u00e8stic, sense capacitat per posar els continguts a disposici\u00f3 de tercers, ni de reproduir-los, distribuir-los o modificar-los. &nbsp;<\/p>\n\n\n\n<p><strong>17. Modificaci\u00f3 dels termes i les condicions<\/strong><\/p>\n\n\n\n<p>L\u2019Auditori podr\u00e0 modificar els presents termes i condicions en qualsevol moment. Les modificacions seran vigents a partir de l&#8217;hora i data de la publicaci\u00f3. En cap cas no podran perjudicar els drets adquirits pels usuaris.<\/p>\n\n\n\n<p><strong>18. Interpretaci\u00f3 i llei aplicable<\/strong><\/p>\n\n\n\n<p>1. Els presents termes i condicions s&#8217;interpretaran d&#8217;acord amb les lleis espanyoles.<\/p>\n\n\n\n<p>2. En el cas que alguna cl\u00e0usula sigui inv\u00e0lida, la resta de cl\u00e0usules continuaran sent v\u00e0lides. Per a la resoluci\u00f3 de demandes motivades per la prestaci\u00f3 dels serveis, els tribunals de la ciutat de Barcelona seran els organismes competents.<\/p>\n","protected":false},"excerpt":{"rendered":"<p>TERMES I CONDICIONS D\u2019\u00daS DELS SERVEIS DE L\u2019AUDITORI DIGITAL 1. Objecte 1. Els termes i condicions d&#8217;\u00fas seg\u00fcents fan refer\u00e8ncia<\/p>\n","protected":false},"author":1,"featured_media":0,"parent":0,"menu_order":0,"comment_status":"closed","ping_status":"closed","template":"","meta":{"footnotes":"","_expiration-date-status":"","_expiration-date":0,"_expiration-date-type":"","_expiration-date-categories":[],"_expiration-date-options":[]},"class_list":["post-289","page","type-page","status-publish","hentry"],"acf":[],"yoast_head":"<!-- This site is optimized with the Yoast SEO plugin v19.6.1 - https:\/\/yoast.com\/wordpress\/plugins\/seo\/ -->\n<title>Condicions del servei &gt; Temporada Alta - A dist\u00e0ncia<\/title>\n<meta name=\"description\" content=\"Al cat\u00e0leg hi trobar\u00e0s una selecci\u00f3 de grans obres de teatre nacionals i internacionals que, en els darrers temps, han marcat el p\u00fablic, especialment el del festival. Un cat\u00e0leg de filmacions de muntatges teatrals en versi\u00f3 original de diversos directors i directores que han passat per Temporada Alta o que suposen fites en la seva traject\u00f2ria\" \/>\n<meta name=\"robots\" content=\"index, follow, max-snippet:-1, max-image-preview:large, max-video-preview:-1\" \/>\n<link rel=\"canonical\" href=\"https:\/\/adistancia.temporada-alta.com\/condicions-del-servei\/\" \/>\n<meta property=\"og:locale\" content=\"ca_ES\" \/>\n<meta property=\"og:type\" content=\"article\" \/>\n<meta property=\"og:title\" content=\"Condicions del servei &gt; Temporada Alta - A dist\u00e0ncia\" \/>\n<meta property=\"og:description\" content=\"Al cat\u00e0leg hi trobar\u00e0s una selecci\u00f3 de grans obres de teatre nacionals i internacionals que, en els darrers temps, han marcat el p\u00fablic, especialment el del festival. Un cat\u00e0leg de filmacions de muntatges teatrals en versi\u00f3 original de diversos directors i directores que han passat per Temporada Alta o que suposen fites en la seva traject\u00f2ria\" \/>\n<meta property=\"og:url\" content=\"https:\/\/adistancia.temporada-alta.com\/condicions-del-servei\/\" \/>\n<meta property=\"og:site_name\" content=\"Temporada Alta - A dist\u00e0ncia\" \/>\n<meta property=\"article:modified_time\" content=\"2020-10-16T09:57:15+00:00\" \/>\n<meta name=\"twitter:card\" content=\"summary_large_image\" \/>\n<meta name=\"twitter:label1\" content=\"Temps estimat de lectura\" \/>\n\t<meta name=\"twitter:data1\" content=\"6 minuts\" \/>\n<script type=\"application\/ld+json\" class=\"yoast-schema-graph\">{\"@context\":\"https:\/\/schema.org\",\"@graph\":[{\"@type\":\"WebPage\",\"@id\":\"https:\/\/adistancia.temporada-alta.com\/en\/condicions-del-servei\/\",\"url\":\"https:\/\/adistancia.temporada-alta.com\/en\/condicions-del-servei\/\",\"name\":\"Condicions del servei &gt; Temporada Alta - A dist\u00e0ncia\",\"isPartOf\":{\"@id\":\"https:\/\/adistancia.temporada-alta.com\/#website\"},\"datePublished\":\"2020-06-25T10:25:37+00:00\",\"dateModified\":\"2020-10-16T09:57:15+00:00\",\"description\":\"Al cat\u00e0leg hi trobar\u00e0s una selecci\u00f3 de grans obres de teatre nacionals i internacionals que, en els darrers temps, han marcat el p\u00fablic, especialment el del festival. Un cat\u00e0leg de filmacions de muntatges teatrals en versi\u00f3 original de diversos directors i directores que han passat per Temporada Alta o que suposen fites en la seva traject\u00f2ria\",\"breadcrumb\":{\"@id\":\"https:\/\/adistancia.temporada-alta.com\/en\/condicions-del-servei\/#breadcrumb\"},\"inLanguage\":\"ca\",\"potentialAction\":[{\"@type\":\"ReadAction\",\"target\":[\"https:\/\/adistancia.temporada-alta.com\/en\/condicions-del-servei\/\"]}]},{\"@type\":\"BreadcrumbList\",\"@id\":\"https:\/\/adistancia.temporada-alta.com\/en\/condicions-del-servei\/#breadcrumb\",\"itemListElement\":[{\"@type\":\"ListItem\",\"position\":1,\"name\":\"Home\",\"item\":\"https:\/\/adistancia.temporada-alta.com\/\"},{\"@type\":\"ListItem\",\"position\":2,\"name\":\"Condicions del servei\"}]},{\"@type\":\"WebSite\",\"@id\":\"https:\/\/adistancia.temporada-alta.com\/#website\",\"url\":\"https:\/\/adistancia.temporada-alta.com\/\",\"name\":\"Temporada Alta - A dist\u00e0ncia\",\"description\":\"\",\"publisher\":{\"@id\":\"https:\/\/adistancia.temporada-alta.com\/#organization\"},\"potentialAction\":[{\"@type\":\"SearchAction\",\"target\":{\"@type\":\"EntryPoint\",\"urlTemplate\":\"https:\/\/adistancia.temporada-alta.com\/?s={search_term_string}\"},\"query-input\":\"required name=search_term_string\"}],\"inLanguage\":\"ca\"},{\"@type\":\"Organization\",\"@id\":\"https:\/\/adistancia.temporada-alta.com\/#organization\",\"name\":\"Temporada alta\",\"url\":\"https:\/\/adistancia.temporada-alta.com\/\",\"sameAs\":[],\"logo\":{\"@type\":\"ImageObject\",\"inLanguage\":\"ca\",\"@id\":\"https:\/\/adistancia.temporada-alta.com\/#\/schema\/logo\/image\/\",\"url\":\"https:\/\/adistancia.temporada-alta.com\/wp-content\/uploads\/2021\/08\/Logo-TA.png\",\"contentUrl\":\"https:\/\/adistancia.temporada-alta.com\/wp-content\/uploads\/2021\/08\/Logo-TA.png\",\"width\":500,\"height\":167,\"caption\":\"Temporada alta\"},\"image\":{\"@id\":\"https:\/\/adistancia.temporada-alta.com\/#\/schema\/logo\/image\/\"}}]}<\/script>\n<!-- \/ Yoast SEO plugin. -->","yoast_head_json":{"title":"Condicions del servei &gt; Temporada Alta - A dist\u00e0ncia","description":"Al cat\u00e0leg hi trobar\u00e0s una selecci\u00f3 de grans obres de teatre nacionals i internacionals que, en els darrers temps, han marcat el p\u00fablic, especialment el del festival. Un cat\u00e0leg de filmacions de muntatges teatrals en versi\u00f3 original de diversos directors i directores que han passat per Temporada Alta o que suposen fites en la seva traject\u00f2ria","robots":{"index":"index","follow":"follow","max-snippet":"max-snippet:-1","max-image-preview":"max-image-preview:large","max-video-preview":"max-video-preview:-1"},"canonical":"https:\/\/adistancia.temporada-alta.com\/condicions-del-servei\/","og_locale":"ca_ES","og_type":"article","og_title":"Condicions del servei &gt; Temporada Alta - A dist\u00e0ncia","og_description":"Al cat\u00e0leg hi trobar\u00e0s una selecci\u00f3 de grans obres de teatre nacionals i internacionals que, en els darrers temps, han marcat el p\u00fablic, especialment el del festival. Un cat\u00e0leg de filmacions de muntatges teatrals en versi\u00f3 original de diversos directors i directores que han passat per Temporada Alta o que suposen fites en la seva traject\u00f2ria","og_url":"https:\/\/adistancia.temporada-alta.com\/condicions-del-servei\/","og_site_name":"Temporada Alta - A dist\u00e0ncia","article_modified_time":"2020-10-16T09:57:15+00:00","twitter_card":"summary_large_image","twitter_misc":{"Temps estimat de lectura":"6 minuts"},"schema":{"@context":"https:\/\/schema.org","@graph":[{"@type":"WebPage","@id":"https:\/\/adistancia.temporada-alta.com\/en\/condicions-del-servei\/","url":"https:\/\/adistancia.temporada-alta.com\/en\/condicions-del-servei\/","name":"Condicions del servei &gt; Temporada Alta - A dist\u00e0ncia","isPartOf":{"@id":"https:\/\/adistancia.temporada-alta.com\/#website"},"datePublished":"2020-06-25T10:25:37+00:00","dateModified":"2020-10-16T09:57:15+00:00","description":"Al cat\u00e0leg hi trobar\u00e0s una selecci\u00f3 de grans obres de teatre nacionals i internacionals que, en els darrers temps, han marcat el p\u00fablic, especialment el del festival. Un cat\u00e0leg de filmacions de muntatges teatrals en versi\u00f3 original de diversos directors i directores que han passat per Temporada Alta o que suposen fites en la seva traject\u00f2ria","breadcrumb":{"@id":"https:\/\/adistancia.temporada-alta.com\/en\/condicions-del-servei\/#breadcrumb"},"inLanguage":"ca","potentialAction":[{"@type":"ReadAction","target":["https:\/\/adistancia.temporada-alta.com\/en\/condicions-del-servei\/"]}]},{"@type":"BreadcrumbList","@id":"https:\/\/adistancia.temporada-alta.com\/en\/condicions-del-servei\/#breadcrumb","itemListElement":[{"@type":"ListItem","position":1,"name":"Home","item":"https:\/\/adistancia.temporada-alta.com\/"},{"@type":"ListItem","position":2,"name":"Condicions del servei"}]},{"@type":"WebSite","@id":"https:\/\/adistancia.temporada-alta.com\/#website","url":"https:\/\/adistancia.temporada-alta.com\/","name":"Temporada Alta - A dist\u00e0ncia","description":"","publisher":{"@id":"https:\/\/adistancia.temporada-alta.com\/#organization"},"potentialAction":[{"@type":"SearchAction","target":{"@type":"EntryPoint","urlTemplate":"https:\/\/adistancia.temporada-alta.com\/?s={search_term_string}"},"query-input":"required name=search_term_string"}],"inLanguage":"ca"},{"@type":"Organization","@id":"https:\/\/adistancia.temporada-alta.com\/#organization","name":"Temporada alta","url":"https:\/\/adistancia.temporada-alta.com\/","sameAs":[],"logo":{"@type":"ImageObject","inLanguage":"ca","@id":"https:\/\/adistancia.temporada-alta.com\/#\/schema\/logo\/image\/","url":"https:\/\/adistancia.temporada-alta.com\/wp-content\/uploads\/2021\/08\/Logo-TA.png","contentUrl":"https:\/\/adistancia.temporada-alta.com\/wp-content\/uploads\/2021\/08\/Logo-TA.png","width":500,"height":167,"caption":"Temporada alta"},"image":{"@id":"https:\/\/adistancia.temporada-alta.com\/#\/schema\/logo\/image\/"}}]}},"_links":{"self":[{"href":"https:\/\/adistancia.temporada-alta.com\/api\/wp\/v2\/pages\/289","targetHints":{"allow":["GET"]}}],"collection":[{"href":"https:\/\/adistancia.temporada-alta.com\/api\/wp\/v2\/pages"}],"about":[{"href":"https:\/\/adistancia.temporada-alta.com\/api\/wp\/v2\/types\/page"}],"author":[{"embeddable":true,"href":"https:\/\/adistancia.temporada-alta.com\/api\/wp\/v2\/users\/1"}],"replies":[{"embeddable":true,"href":"https:\/\/adistancia.temporada-alta.com\/api\/wp\/v2\/comments?post=289"}],"version-history":[{"count":3,"href":"https:\/\/adistancia.temporada-alta.com\/api\/wp\/v2\/pages\/289\/revisions"}],"predecessor-version":[{"id":2041,"href":"https:\/\/adistancia.temporada-alta.com\/api\/wp\/v2\/pages\/289\/revisions\/2041"}],"wp:attachment":[{"href":"https:\/\/adistancia.temporada-alta.com\/api\/wp\/v2\/media?parent=289"}],"curies":[{"name":"wp","href":"https:\/\/api.w.org\/{rel}","templated":true}]}}