{"id":7185,"date":"2022-10-14T13:55:39","date_gmt":"2022-10-14T11:55:39","guid":{"rendered":"https:\/\/adistancia.temporada-alta.com\/?post_type=video&#038;p=7185"},"modified":"2023-03-07T11:27:31","modified_gmt":"2023-03-07T10:27:31","slug":"6-lorca-sempre-vigent","status":"publish","type":"video","link":"https:\/\/adistancia.temporada-alta.com\/video\/6-lorca-sempre-vigent\/","title":{"rendered":"#6 Lorca, sempre vigent"},"content":{"rendered":"\n<p>El sis\u00e8 episodi del P\u00f2dcast de Temporada Alta de Neus Molina i\u00a0Gema\u00a0Moraleda\u00a0i amb la participaci\u00f3 de\u00a0Salvador S. S\u00e1nchez, Paula Errando i J\u00falia Barcel\u00f3.<br><br><br><\/p>\n\n\n\n<p>Una producci\u00f3 de<br><img loading=\"lazy\" decoding=\"async\" width=\"125\" height=\"42\" class=\"wp-image-6381\" style=\"width: 125px;\" src=\"https:\/\/adistancia.temporada-alta.com\/wp-content\/uploads\/2021\/08\/Logo-TA.png\" alt=\"\" srcset=\"https:\/\/adistancia.temporada-alta.com\/wp-content\/uploads\/2021\/08\/Logo-TA.png 500w, https:\/\/adistancia.temporada-alta.com\/wp-content\/uploads\/2021\/08\/Logo-TA-300x100.png 300w, https:\/\/adistancia.temporada-alta.com\/wp-content\/uploads\/2021\/08\/Logo-TA-16x5.png 16w, https:\/\/adistancia.temporada-alta.com\/wp-content\/uploads\/2021\/08\/Logo-TA-24x8.png 24w, https:\/\/adistancia.temporada-alta.com\/wp-content\/uploads\/2021\/08\/Logo-TA-36x12.png 36w, https:\/\/adistancia.temporada-alta.com\/wp-content\/uploads\/2021\/08\/Logo-TA-48x16.png 48w\" sizes=\"auto, (max-width: 125px) 100vw, 125px\" \/><\/p>\n\n\n\n<p>Amb<br><strong>Jofre Font<\/strong>,<strong> Neus Molina<\/strong>,<strong> Gema Moraleda<\/strong>, <strong>Xavi Pardo<\/strong>,<strong> Oriol Puig Taul\u00e9<\/strong> i <strong>Laura Serra<\/strong><\/p>\n","protected":false},"excerpt":{"rendered":"<p>En ple segle XXI, no passa any que les obres de Federico Garc\u00eda Lorca no trepitgin els nostres escenaris, sempre amb \u00e8xit de p\u00fablic i sempre amb aquella vig\u00e8ncia que nom\u00e9s assoleixen els aut\u00e8ntics cl\u00e0ssics. Per qu\u00e8 les paraules de Federico ens sonen encara avui tan properes? Qu\u00e8 el va fer tan popular? Qu\u00e8 en pensaria de les lectures i adaptacions que es fan avui dia de la seva obra? I dels problemes d&#8217;acc\u00e9s a la cultura que ell ja denunciava i que encara patim?<\/p>\n","protected":false},"author":3486,"featured_media":7347,"comment_status":"closed","ping_status":"closed","template":"","meta":{"_expiration-date-status":"","_expiration-date":0,"_expiration-date-type":"","_expiration-date-categories":[],"_expiration-date-options":[]},"video_cat":[182],"video_tag":[185],"class_list":["post-7185","video","type-video","status-publish","has-post-thumbnail","hentry","video_cat-podcast-ta","video_tag-ta22"],"acf":[],"yoast_head":"<!-- This site is optimized with the Yoast SEO plugin v19.6.1 - https:\/\/yoast.com\/wordpress\/plugins\/seo\/ -->\n<title>#6 Lorca, sempre vigent &gt; Temporada Alta - A dist\u00e0ncia<\/title>\n<meta name=\"description\" content=\"Al cat\u00e0leg hi trobar\u00e0s una selecci\u00f3 de grans obres de teatre nacionals i internacionals que, en els darrers temps, han marcat el p\u00fablic, especialment el del festival. Un cat\u00e0leg de filmacions de muntatges teatrals en versi\u00f3 original de diversos directors i directores que han passat per Temporada Alta o que suposen fites en la seva traject\u00f2ria\" \/>\n<meta name=\"robots\" content=\"index, follow, max-snippet:-1, max-image-preview:large, max-video-preview:-1\" \/>\n<link rel=\"canonical\" href=\"https:\/\/adistancia.temporada-alta.com\/video\/6-lorca-sempre-vigent\/\" \/>\n<meta property=\"og:locale\" content=\"ca_ES\" \/>\n<meta property=\"og:type\" content=\"article\" \/>\n<meta property=\"og:title\" content=\"#6 Lorca, sempre vigent &gt; Temporada Alta - A dist\u00e0ncia\" \/>\n<meta property=\"og:description\" content=\"Al cat\u00e0leg hi trobar\u00e0s una selecci\u00f3 de grans obres de teatre nacionals i internacionals que, en els darrers temps, han marcat el p\u00fablic, especialment el del festival. Un cat\u00e0leg de filmacions de muntatges teatrals en versi\u00f3 original de diversos directors i directores que han passat per Temporada Alta o que suposen fites en la seva traject\u00f2ria\" \/>\n<meta property=\"og:url\" content=\"https:\/\/adistancia.temporada-alta.com\/video\/6-lorca-sempre-vigent\/\" \/>\n<meta property=\"og:site_name\" content=\"Temporada Alta - A dist\u00e0ncia\" \/>\n<meta property=\"article:modified_time\" content=\"2023-03-07T10:27:31+00:00\" \/>\n<meta property=\"og:image\" content=\"https:\/\/adistancia.temporada-alta.com\/wp-content\/uploads\/2023\/02\/P6_M.jpg\" \/>\n\t<meta property=\"og:image:width\" content=\"700\" \/>\n\t<meta property=\"og:image:height\" content=\"394\" \/>\n\t<meta property=\"og:image:type\" content=\"image\/jpeg\" \/>\n<meta name=\"twitter:card\" content=\"summary_large_image\" \/>\n<meta name=\"twitter:label1\" content=\"Temps estimat de lectura\" \/>\n\t<meta name=\"twitter:data1\" content=\"1 minut\" \/>\n<script type=\"application\/ld+json\" class=\"yoast-schema-graph\">{\"@context\":\"https:\/\/schema.org\",\"@graph\":[{\"@type\":\"WebPage\",\"@id\":\"https:\/\/adistancia.temporada-alta.com\/video\/6-lorca-sempre-vigent\/\",\"url\":\"https:\/\/adistancia.temporada-alta.com\/video\/6-lorca-sempre-vigent\/\",\"name\":\"#6 Lorca, sempre vigent &gt; Temporada Alta - A dist\u00e0ncia\",\"isPartOf\":{\"@id\":\"https:\/\/adistancia.temporada-alta.com\/#website\"},\"datePublished\":\"2022-10-14T11:55:39+00:00\",\"dateModified\":\"2023-03-07T10:27:31+00:00\",\"description\":\"Al cat\u00e0leg hi trobar\u00e0s una selecci\u00f3 de grans obres de teatre nacionals i internacionals que, en els darrers temps, han marcat el p\u00fablic, especialment el del festival. Un cat\u00e0leg de filmacions de muntatges teatrals en versi\u00f3 original de diversos directors i directores que han passat per Temporada Alta o que suposen fites en la seva traject\u00f2ria\",\"breadcrumb\":{\"@id\":\"https:\/\/adistancia.temporada-alta.com\/video\/6-lorca-sempre-vigent\/#breadcrumb\"},\"inLanguage\":\"ca\",\"potentialAction\":[{\"@type\":\"ReadAction\",\"target\":[\"https:\/\/adistancia.temporada-alta.com\/video\/6-lorca-sempre-vigent\/\"]}]},{\"@type\":\"BreadcrumbList\",\"@id\":\"https:\/\/adistancia.temporada-alta.com\/video\/6-lorca-sempre-vigent\/#breadcrumb\",\"itemListElement\":[{\"@type\":\"ListItem\",\"position\":1,\"name\":\"Home\",\"item\":\"https:\/\/adistancia.temporada-alta.com\/\"},{\"@type\":\"ListItem\",\"position\":2,\"name\":\"Videos\",\"item\":\"https:\/\/adistancia.temporada-alta.com\/cataleg\/\"},{\"@type\":\"ListItem\",\"position\":3,\"name\":\"#6 Lorca, sempre vigent\"}]},{\"@type\":\"WebSite\",\"@id\":\"https:\/\/adistancia.temporada-alta.com\/#website\",\"url\":\"https:\/\/adistancia.temporada-alta.com\/\",\"name\":\"Temporada Alta - A dist\u00e0ncia\",\"description\":\"\",\"publisher\":{\"@id\":\"https:\/\/adistancia.temporada-alta.com\/#organization\"},\"potentialAction\":[{\"@type\":\"SearchAction\",\"target\":{\"@type\":\"EntryPoint\",\"urlTemplate\":\"https:\/\/adistancia.temporada-alta.com\/?s={search_term_string}\"},\"query-input\":\"required name=search_term_string\"}],\"inLanguage\":\"ca\"},{\"@type\":\"Organization\",\"@id\":\"https:\/\/adistancia.temporada-alta.com\/#organization\",\"name\":\"Temporada alta\",\"url\":\"https:\/\/adistancia.temporada-alta.com\/\",\"sameAs\":[],\"logo\":{\"@type\":\"ImageObject\",\"inLanguage\":\"ca\",\"@id\":\"https:\/\/adistancia.temporada-alta.com\/#\/schema\/logo\/image\/\",\"url\":\"https:\/\/adistancia.temporada-alta.com\/wp-content\/uploads\/2021\/08\/Logo-TA.png\",\"contentUrl\":\"https:\/\/adistancia.temporada-alta.com\/wp-content\/uploads\/2021\/08\/Logo-TA.png\",\"width\":500,\"height\":167,\"caption\":\"Temporada alta\"},\"image\":{\"@id\":\"https:\/\/adistancia.temporada-alta.com\/#\/schema\/logo\/image\/\"}}]}<\/script>\n<!-- \/ Yoast SEO plugin. -->","yoast_head_json":{"title":"#6 Lorca, sempre vigent &gt; Temporada Alta - A dist\u00e0ncia","description":"Al cat\u00e0leg hi trobar\u00e0s una selecci\u00f3 de grans obres de teatre nacionals i internacionals que, en els darrers temps, han marcat el p\u00fablic, especialment el del festival. Un cat\u00e0leg de filmacions de muntatges teatrals en versi\u00f3 original de diversos directors i directores que han passat per Temporada Alta o que suposen fites en la seva traject\u00f2ria","robots":{"index":"index","follow":"follow","max-snippet":"max-snippet:-1","max-image-preview":"max-image-preview:large","max-video-preview":"max-video-preview:-1"},"canonical":"https:\/\/adistancia.temporada-alta.com\/video\/6-lorca-sempre-vigent\/","og_locale":"ca_ES","og_type":"article","og_title":"#6 Lorca, sempre vigent &gt; Temporada Alta - A dist\u00e0ncia","og_description":"Al cat\u00e0leg hi trobar\u00e0s una selecci\u00f3 de grans obres de teatre nacionals i internacionals que, en els darrers temps, han marcat el p\u00fablic, especialment el del festival. Un cat\u00e0leg de filmacions de muntatges teatrals en versi\u00f3 original de diversos directors i directores que han passat per Temporada Alta o que suposen fites en la seva traject\u00f2ria","og_url":"https:\/\/adistancia.temporada-alta.com\/video\/6-lorca-sempre-vigent\/","og_site_name":"Temporada Alta - A dist\u00e0ncia","article_modified_time":"2023-03-07T10:27:31+00:00","og_image":[{"width":700,"height":394,"url":"https:\/\/adistancia.temporada-alta.com\/wp-content\/uploads\/2023\/02\/P6_M.jpg","type":"image\/jpeg"}],"twitter_card":"summary_large_image","twitter_misc":{"Temps estimat de lectura":"1 minut"},"schema":{"@context":"https:\/\/schema.org","@graph":[{"@type":"WebPage","@id":"https:\/\/adistancia.temporada-alta.com\/video\/6-lorca-sempre-vigent\/","url":"https:\/\/adistancia.temporada-alta.com\/video\/6-lorca-sempre-vigent\/","name":"#6 Lorca, sempre vigent &gt; Temporada Alta - A dist\u00e0ncia","isPartOf":{"@id":"https:\/\/adistancia.temporada-alta.com\/#website"},"datePublished":"2022-10-14T11:55:39+00:00","dateModified":"2023-03-07T10:27:31+00:00","description":"Al cat\u00e0leg hi trobar\u00e0s una selecci\u00f3 de grans obres de teatre nacionals i internacionals que, en els darrers temps, han marcat el p\u00fablic, especialment el del festival. Un cat\u00e0leg de filmacions de muntatges teatrals en versi\u00f3 original de diversos directors i directores que han passat per Temporada Alta o que suposen fites en la seva traject\u00f2ria","breadcrumb":{"@id":"https:\/\/adistancia.temporada-alta.com\/video\/6-lorca-sempre-vigent\/#breadcrumb"},"inLanguage":"ca","potentialAction":[{"@type":"ReadAction","target":["https:\/\/adistancia.temporada-alta.com\/video\/6-lorca-sempre-vigent\/"]}]},{"@type":"BreadcrumbList","@id":"https:\/\/adistancia.temporada-alta.com\/video\/6-lorca-sempre-vigent\/#breadcrumb","itemListElement":[{"@type":"ListItem","position":1,"name":"Home","item":"https:\/\/adistancia.temporada-alta.com\/"},{"@type":"ListItem","position":2,"name":"Videos","item":"https:\/\/adistancia.temporada-alta.com\/cataleg\/"},{"@type":"ListItem","position":3,"name":"#6 Lorca, sempre vigent"}]},{"@type":"WebSite","@id":"https:\/\/adistancia.temporada-alta.com\/#website","url":"https:\/\/adistancia.temporada-alta.com\/","name":"Temporada Alta - A dist\u00e0ncia","description":"","publisher":{"@id":"https:\/\/adistancia.temporada-alta.com\/#organization"},"potentialAction":[{"@type":"SearchAction","target":{"@type":"EntryPoint","urlTemplate":"https:\/\/adistancia.temporada-alta.com\/?s={search_term_string}"},"query-input":"required name=search_term_string"}],"inLanguage":"ca"},{"@type":"Organization","@id":"https:\/\/adistancia.temporada-alta.com\/#organization","name":"Temporada alta","url":"https:\/\/adistancia.temporada-alta.com\/","sameAs":[],"logo":{"@type":"ImageObject","inLanguage":"ca","@id":"https:\/\/adistancia.temporada-alta.com\/#\/schema\/logo\/image\/","url":"https:\/\/adistancia.temporada-alta.com\/wp-content\/uploads\/2021\/08\/Logo-TA.png","contentUrl":"https:\/\/adistancia.temporada-alta.com\/wp-content\/uploads\/2021\/08\/Logo-TA.png","width":500,"height":167,"caption":"Temporada alta"},"image":{"@id":"https:\/\/adistancia.temporada-alta.com\/#\/schema\/logo\/image\/"}}]}},"_links":{"self":[{"href":"https:\/\/adistancia.temporada-alta.com\/api\/wp\/v2\/video\/7185","targetHints":{"allow":["GET"]}}],"collection":[{"href":"https:\/\/adistancia.temporada-alta.com\/api\/wp\/v2\/video"}],"about":[{"href":"https:\/\/adistancia.temporada-alta.com\/api\/wp\/v2\/types\/video"}],"author":[{"embeddable":true,"href":"https:\/\/adistancia.temporada-alta.com\/api\/wp\/v2\/users\/3486"}],"replies":[{"embeddable":true,"href":"https:\/\/adistancia.temporada-alta.com\/api\/wp\/v2\/comments?post=7185"}],"wp:featuredmedia":[{"embeddable":true,"href":"https:\/\/adistancia.temporada-alta.com\/api\/wp\/v2\/media\/7347"}],"wp:attachment":[{"href":"https:\/\/adistancia.temporada-alta.com\/api\/wp\/v2\/media?parent=7185"}],"wp:term":[{"taxonomy":"video_cat","embeddable":true,"href":"https:\/\/adistancia.temporada-alta.com\/api\/wp\/v2\/video_cat?post=7185"},{"taxonomy":"video_tag","embeddable":true,"href":"https:\/\/adistancia.temporada-alta.com\/api\/wp\/v2\/video_tag?post=7185"}],"curies":[{"name":"wp","href":"https:\/\/api.w.org\/{rel}","templated":true}]}}