{"id":48,"date":"2020-06-01T20:00:00","date_gmt":"2020-06-01T18:00:00","guid":{"rendered":"http:\/\/auditori.lyrainnovation.com\/?page_id=48"},"modified":"2023-07-06T09:15:32","modified_gmt":"2023-07-06T07:15:32","slug":"tho-expliquem","status":"publish","type":"page","link":"https:\/\/adistancia.temporada-alta.com\/es\/tho-expliquem\/","title":{"rendered":"Te <span style=\"text-transform:lowercase\">lo explicamos"},"content":{"rendered":"<h1 class=\"wp-block-heading\" style=\"font-size:30px\">\u00bfQu\u00e9 encontrar\u00e1s en Temporada Alta A distancia?<\/h1>\n\n\n\n<p class=\"has-background has-medium-font-size\" style=\"background-color:#dbdbdb\">1. <strong>LA CAVERNA<\/strong><\/p>\n\n\n\n<p>La Caverna es un proyecto audiovisual donde una serie de artistas que han pasado por Temporada Alta y vinculados al festival reflexionan sobre su trayectoria, las artes esc\u00e9nicas y el mundo de la creaci\u00f3n, junto con otros artistas, periodistas y personalidades internacionales del mundo de la cultura.<\/p>\n\n\n\n<p class=\"has-background has-medium-font-size\" style=\"background-color:#dbdbdb\">2. <strong>TORNEO DE DRAMATURGIA<\/strong><\/p>\n\n\n\n<p>Ocho dramaturgos o dramaturgas se enfrentan con el \u00fanico arma de la palabra al veredicto del p\u00fablico en el enfrentamiento m\u00e1s esperado de <strong>Temporada Alta<\/strong>. Disfruta de los combates, semifinales y la gran final de cada edici\u00f3n, el camino que deben seguir los autores y autoras si se quieren proclamar ganadores.<\/p>\n\n\n\n<p>Recupera la und\u00e9cima y la duod\u00e9cima edici\u00f3n del Torneo de Dramaturgia en <strong><a href=\"https:\/\/adistancia.temporada-alta.com\/es\/cataleg\/?filter_cat=torneig\">streaming<\/a><\/strong>.<\/p>\n\n\n\n<p class=\"has-background has-medium-font-size\" style=\"background-color:#dbdbdb\">3. <strong>EL P\u00d3DAST DE TEMPORADA ALTA<\/strong><\/p>\n\n\n\n<p>En este programa de 7 episodios, los <strong>periodistas de artes esc\u00e9nicas<\/strong> Jofre Font, Neus Molina, Gema Moraleda, Xavi Pardo, Oriol Puig Taul\u00e9 y Laura Serra desgranan temas relacionados con los espect\u00e1culos programados en Temporada Alta 2022, como el auge de la extrema derecha, la muerte y el suicidio, la mirada contempor\u00e1nea de los cl\u00e1sicos o el teatro musical.<\/p>\n\n\n\n<p>Disponible en la plataforma A distancia y en las plataformas de podcasts habituales (<a href=\"https:\/\/open.spotify.com\/show\/1ySeGUUe3qexiFftOpBecM\" target=\"_blank\" rel=\"noreferrer noopener\"><mark style=\"background-color:rgba(0, 0, 0, 0)\" class=\"has-inline-color has-vivid-cyan-blue-color\"><strong>Spotify<\/strong><\/mark><\/a>, <a href=\"https:\/\/www.ivoox.com\/audios-canal-el-podcast-temporada-alta_s0_f21381088_p2_1.html?o=all\" target=\"_blank\" rel=\"noreferrer noopener\"><mark style=\"background-color:rgba(0, 0, 0, 0)\" class=\"has-inline-color has-vivid-cyan-blue-color\"><strong>Ivoox<\/strong><\/mark><\/a> y Apple Podcasts).<\/p>\n\n\n\n<p class=\"has-background has-medium-font-size\" style=\"background-color:#dbdbdb\">4. <strong>CORTOMETRAJES<\/strong><\/p>\n\n\n\n<p>Disfruta de todos los spots y cortometrajes que se han realizado por el festival desde que se estrenara el primero en 2009.<\/p>\n\n\n\n<p>Despu\u00e9s de 10 a\u00f1os dirigi\u00e9ndolos, Salvador Sunyer y Vidal anunci\u00f3 que lo dejaba a trav\u00e9s de su \u00faltimo trabajo con nosotros:&nbsp;<em>Alopecia Androg\u00e9nica<\/em> (2021). Desde entonces, cada a\u00f1o un nuevo director realizar\u00e1 el corto para aportar nuevas visiones a este espacio audiovisual.<\/p>","protected":false},"excerpt":{"rendered":"<p>\u00bfQu\u00e9 encontrar\u00e1s en Temporada Alta A distancia? 1. LA CAVERNA La Caverna es un proyecto audiovisual donde una serie de artistas<\/p>","protected":false},"author":1,"featured_media":0,"parent":0,"menu_order":0,"comment_status":"closed","ping_status":"closed","template":"","meta":{"footnotes":"","_expiration-date-status":"","_expiration-date":1688627630,"_expiration-date-type":"draft","_expiration-date-categories":[],"_expiration-date-options":[]},"class_list":["post-48","page","type-page","status-publish","hentry"],"acf":[],"yoast_head":"<!-- This site is optimized with the Yoast SEO plugin v19.6.1 - https:\/\/yoast.com\/wordpress\/plugins\/seo\/ -->\n<title>T&#039;ho expliquem &gt; Temporada Alta - A dist\u00e0ncia<\/title>\n<meta name=\"description\" content=\"Al cat\u00e0leg hi trobar\u00e0s una selecci\u00f3 de grans obres de teatre nacionals i internacionals que, en els darrers temps, han marcat el p\u00fablic, especialment el del festival. Un cat\u00e0leg de filmacions de muntatges teatrals en versi\u00f3 original de diversos directors i directores que han passat per Temporada Alta o que suposen fites en la seva traject\u00f2ria\" \/>\n<meta name=\"robots\" content=\"index, follow, max-snippet:-1, max-image-preview:large, max-video-preview:-1\" \/>\n<link rel=\"canonical\" href=\"https:\/\/adistancia.temporada-alta.com\/es\/tho-expliquem\/\" \/>\n<meta property=\"og:locale\" content=\"es_ES\" \/>\n<meta property=\"og:type\" content=\"article\" \/>\n<meta property=\"og:title\" content=\"T&#039;ho expliquem &gt; Temporada Alta - A dist\u00e0ncia\" \/>\n<meta property=\"og:description\" content=\"Al cat\u00e0leg hi trobar\u00e0s una selecci\u00f3 de grans obres de teatre nacionals i internacionals que, en els darrers temps, han marcat el p\u00fablic, especialment el del festival. Un cat\u00e0leg de filmacions de muntatges teatrals en versi\u00f3 original de diversos directors i directores que han passat per Temporada Alta o que suposen fites en la seva traject\u00f2ria\" \/>\n<meta property=\"og:url\" content=\"https:\/\/adistancia.temporada-alta.com\/es\/tho-expliquem\/\" \/>\n<meta property=\"og:site_name\" content=\"Temporada Alta - A dist\u00e0ncia\" \/>\n<meta property=\"article:modified_time\" content=\"2023-07-06T07:15:32+00:00\" \/>\n<meta name=\"twitter:card\" content=\"summary_large_image\" \/>\n<meta name=\"twitter:label1\" content=\"Est. reading time\" \/>\n\t<meta name=\"twitter:data1\" content=\"2 minutes\" \/>\n<script type=\"application\/ld+json\" class=\"yoast-schema-graph\">{\"@context\":\"https:\/\/schema.org\",\"@graph\":[{\"@type\":\"WebPage\",\"@id\":\"https:\/\/adistancia.temporada-alta.com\/tho-expliquem\/\",\"url\":\"https:\/\/adistancia.temporada-alta.com\/tho-expliquem\/\",\"name\":\"T'ho expliquem &gt; Temporada Alta - A dist\u00e0ncia\",\"isPartOf\":{\"@id\":\"https:\/\/adistancia.temporada-alta.com\/#website\"},\"datePublished\":\"2020-06-01T18:00:00+00:00\",\"dateModified\":\"2023-07-06T07:15:32+00:00\",\"description\":\"Al cat\u00e0leg hi trobar\u00e0s una selecci\u00f3 de grans obres de teatre nacionals i internacionals que, en els darrers temps, han marcat el p\u00fablic, especialment el del festival. Un cat\u00e0leg de filmacions de muntatges teatrals en versi\u00f3 original de diversos directors i directores que han passat per Temporada Alta o que suposen fites en la seva traject\u00f2ria\",\"breadcrumb\":{\"@id\":\"https:\/\/adistancia.temporada-alta.com\/tho-expliquem\/#breadcrumb\"},\"inLanguage\":\"es-ES\",\"potentialAction\":[{\"@type\":\"ReadAction\",\"target\":[\"https:\/\/adistancia.temporada-alta.com\/tho-expliquem\/\"]}]},{\"@type\":\"BreadcrumbList\",\"@id\":\"https:\/\/adistancia.temporada-alta.com\/tho-expliquem\/#breadcrumb\",\"itemListElement\":[{\"@type\":\"ListItem\",\"position\":1,\"name\":\"Home\",\"item\":\"https:\/\/adistancia.temporada-alta.com\/\"},{\"@type\":\"ListItem\",\"position\":2,\"name\":\"T&#8217;ho expliquem\"}]},{\"@type\":\"WebSite\",\"@id\":\"https:\/\/adistancia.temporada-alta.com\/#website\",\"url\":\"https:\/\/adistancia.temporada-alta.com\/\",\"name\":\"Temporada Alta - A dist\u00e0ncia\",\"description\":\"\",\"publisher\":{\"@id\":\"https:\/\/adistancia.temporada-alta.com\/#organization\"},\"potentialAction\":[{\"@type\":\"SearchAction\",\"target\":{\"@type\":\"EntryPoint\",\"urlTemplate\":\"https:\/\/adistancia.temporada-alta.com\/?s={search_term_string}\"},\"query-input\":\"required name=search_term_string\"}],\"inLanguage\":\"es-ES\"},{\"@type\":\"Organization\",\"@id\":\"https:\/\/adistancia.temporada-alta.com\/#organization\",\"name\":\"Temporada alta\",\"url\":\"https:\/\/adistancia.temporada-alta.com\/\",\"sameAs\":[],\"logo\":{\"@type\":\"ImageObject\",\"inLanguage\":\"es-ES\",\"@id\":\"https:\/\/adistancia.temporada-alta.com\/#\/schema\/logo\/image\/\",\"url\":\"https:\/\/adistancia.temporada-alta.com\/wp-content\/uploads\/2021\/08\/Logo-TA.png\",\"contentUrl\":\"https:\/\/adistancia.temporada-alta.com\/wp-content\/uploads\/2021\/08\/Logo-TA.png\",\"width\":500,\"height\":167,\"caption\":\"Temporada alta\"},\"image\":{\"@id\":\"https:\/\/adistancia.temporada-alta.com\/#\/schema\/logo\/image\/\"}}]}<\/script>\n<!-- \/ Yoast SEO plugin. -->","yoast_head_json":{"title":"T'ho expliquem &gt; Temporada Alta - A dist\u00e0ncia","description":"Al cat\u00e0leg hi trobar\u00e0s una selecci\u00f3 de grans obres de teatre nacionals i internacionals que, en els darrers temps, han marcat el p\u00fablic, especialment el del festival. Un cat\u00e0leg de filmacions de muntatges teatrals en versi\u00f3 original de diversos directors i directores que han passat per Temporada Alta o que suposen fites en la seva traject\u00f2ria","robots":{"index":"index","follow":"follow","max-snippet":"max-snippet:-1","max-image-preview":"max-image-preview:large","max-video-preview":"max-video-preview:-1"},"canonical":"https:\/\/adistancia.temporada-alta.com\/es\/tho-expliquem\/","og_locale":"es_ES","og_type":"article","og_title":"T'ho expliquem &gt; Temporada Alta - A dist\u00e0ncia","og_description":"Al cat\u00e0leg hi trobar\u00e0s una selecci\u00f3 de grans obres de teatre nacionals i internacionals que, en els darrers temps, han marcat el p\u00fablic, especialment el del festival. Un cat\u00e0leg de filmacions de muntatges teatrals en versi\u00f3 original de diversos directors i directores que han passat per Temporada Alta o que suposen fites en la seva traject\u00f2ria","og_url":"https:\/\/adistancia.temporada-alta.com\/es\/tho-expliquem\/","og_site_name":"Temporada Alta - A dist\u00e0ncia","article_modified_time":"2023-07-06T07:15:32+00:00","twitter_card":"summary_large_image","twitter_misc":{"Est. reading time":"2 minutes"},"schema":{"@context":"https:\/\/schema.org","@graph":[{"@type":"WebPage","@id":"https:\/\/adistancia.temporada-alta.com\/tho-expliquem\/","url":"https:\/\/adistancia.temporada-alta.com\/tho-expliquem\/","name":"T'ho expliquem &gt; Temporada Alta - A dist\u00e0ncia","isPartOf":{"@id":"https:\/\/adistancia.temporada-alta.com\/#website"},"datePublished":"2020-06-01T18:00:00+00:00","dateModified":"2023-07-06T07:15:32+00:00","description":"Al cat\u00e0leg hi trobar\u00e0s una selecci\u00f3 de grans obres de teatre nacionals i internacionals que, en els darrers temps, han marcat el p\u00fablic, especialment el del festival. Un cat\u00e0leg de filmacions de muntatges teatrals en versi\u00f3 original de diversos directors i directores que han passat per Temporada Alta o que suposen fites en la seva traject\u00f2ria","breadcrumb":{"@id":"https:\/\/adistancia.temporada-alta.com\/tho-expliquem\/#breadcrumb"},"inLanguage":"es-ES","potentialAction":[{"@type":"ReadAction","target":["https:\/\/adistancia.temporada-alta.com\/tho-expliquem\/"]}]},{"@type":"BreadcrumbList","@id":"https:\/\/adistancia.temporada-alta.com\/tho-expliquem\/#breadcrumb","itemListElement":[{"@type":"ListItem","position":1,"name":"Home","item":"https:\/\/adistancia.temporada-alta.com\/"},{"@type":"ListItem","position":2,"name":"T&#8217;ho expliquem"}]},{"@type":"WebSite","@id":"https:\/\/adistancia.temporada-alta.com\/#website","url":"https:\/\/adistancia.temporada-alta.com\/","name":"Temporada Alta - A distancia","description":"","publisher":{"@id":"https:\/\/adistancia.temporada-alta.com\/#organization"},"potentialAction":[{"@type":"SearchAction","target":{"@type":"EntryPoint","urlTemplate":"https:\/\/adistancia.temporada-alta.com\/?s={search_term_string}"},"query-input":"required name=search_term_string"}],"inLanguage":"es-ES"},{"@type":"Organization","@id":"https:\/\/adistancia.temporada-alta.com\/#organization","name":"Temporada alta","url":"https:\/\/adistancia.temporada-alta.com\/","sameAs":[],"logo":{"@type":"ImageObject","inLanguage":"es-ES","@id":"https:\/\/adistancia.temporada-alta.com\/#\/schema\/logo\/image\/","url":"https:\/\/adistancia.temporada-alta.com\/wp-content\/uploads\/2021\/08\/Logo-TA.png","contentUrl":"https:\/\/adistancia.temporada-alta.com\/wp-content\/uploads\/2021\/08\/Logo-TA.png","width":500,"height":167,"caption":"Temporada alta"},"image":{"@id":"https:\/\/adistancia.temporada-alta.com\/#\/schema\/logo\/image\/"}}]}},"_links":{"self":[{"href":"https:\/\/adistancia.temporada-alta.com\/es\/api\/wp\/v2\/pages\/48","targetHints":{"allow":["GET"]}}],"collection":[{"href":"https:\/\/adistancia.temporada-alta.com\/es\/api\/wp\/v2\/pages"}],"about":[{"href":"https:\/\/adistancia.temporada-alta.com\/es\/api\/wp\/v2\/types\/page"}],"author":[{"embeddable":true,"href":"https:\/\/adistancia.temporada-alta.com\/es\/api\/wp\/v2\/users\/1"}],"replies":[{"embeddable":true,"href":"https:\/\/adistancia.temporada-alta.com\/es\/api\/wp\/v2\/comments?post=48"}],"version-history":[{"count":136,"href":"https:\/\/adistancia.temporada-alta.com\/es\/api\/wp\/v2\/pages\/48\/revisions"}],"predecessor-version":[{"id":7645,"href":"https:\/\/adistancia.temporada-alta.com\/es\/api\/wp\/v2\/pages\/48\/revisions\/7645"}],"wp:attachment":[{"href":"https:\/\/adistancia.temporada-alta.com\/es\/api\/wp\/v2\/media?parent=48"}],"curies":[{"name":"wp","href":"https:\/\/api.w.org\/{rel}","templated":true}]}}